{"id":8455,"date":"2018-05-31T20:26:24","date_gmt":"2018-05-31T18:26:24","guid":{"rendered":"https:\/\/estrategiamarketing.digital\/testimonis\/"},"modified":"2025-04-30T10:17:13","modified_gmt":"2025-04-30T08:17:13","slug":"testimonis","status":"publish","type":"page","link":"https:\/\/estrategiamarketing.digital\/ca\/testimonis\/","title":{"rendered":"Testimonis"},"content":{"rendered":"<div class=\"wpb-content-wrapper\"><p>[vc_row padding_top_multiplier=\"4x\" padding_bottom_multiplier=\"4x\" rc_bg_type=\"gradient\" rc_bg_gradient_color_1=\"#f6f7fc\" rc_bg_gradient_color_2=\"#ffffff\" rc_bg_gradient_direction=\"180&#8243; separator_top_size=\"30px\"][vc_column width=\"1\/4&#8243; tablet_width=\"1-6&#8243; tablet_sm_width=\"hide\" mobile_width=\"hide\"][\/vc_column][vc_column width=\"1\/2&#8243; content_width=\"70&#8243; horizontal_content_position=\"center\" text_align=\"center\" tablet_width=\"2-3&#8243; tablet_sm_width=\"1&#8243; mobile_content_width=\"reset\"]<h3 class=\"eut-element eut-title eut-align-inherit eut-h3\" style=\"\"><span>I si preguntem als nostres clients?<\/span><\/h3>[vc_column_text]No coneixem millor manera de millorar. Ens encanta la feina ben feta i tenir clients satisfets. Podem fallar, per\u00f2 farem tot el possible per solucionar el problema.[\/vc_column_text][\/vc_column][vc_column width=\"1\/4&#8243; tablet_width=\"1-6&#8243; tablet_sm_width=\"hide\" mobile_width=\"hide\"][\/vc_column][vc_column]<div class=\"eut-empty-space eut-height-2x\" style=\"\"><\/div>[\/vc_column][vc_column]\t\t\t<div class=\"eut-element eut-testimonial eut-with-gap eut-layout-3 eut-isotope eut-align-left eut-small-text\" style=\"\" data-columns=\"3\" data-columns-large-screen=\"3\" data-columns-tablet-landscape=\"2\" data-columns-tablet-portrait=\"2\" data-columns-mobile=\"1\" data-layout=\"masonry\" data-gutter-size=\"30\">\r\n\r\n\t\t\t\t\t\t\t\t<div class=\"eut-isotope-container\">\r\n\t\t\t\t\r\n\t\t\t\t\t\t<div class=\"eut-isotope-item eut-testimonial-item post-8575 testimonial type-testimonial status-publish has-post-thumbnail hentry\">\r\n\t\t\t\t\t<div class=\"eut-isotope-item-inner eut-fade-in-up\">\r\n\t\t\t\t\t\t<div class=\"eut-testimonial-element eut-bg-white eut-radius-5 eut-medium-shadow eut-with-shadow\">\r\n\t\t\t\t\t\t\t\t\t<div class=\"eut-testimonial-content\">\r\n\t\t\t\t\t\t\t\t<blockquote><p>Estrat\u00e8gia de negoci i internacionalitzaci\u00f3<\/p><\/blockquote>\n<p> La seva col\u00b7laboraci\u00f3 ha estat <strong>imprescindible<\/strong> per llan\u00e7ar la nostra l\u00ednia de negocis. Eric ha fet una <strong>tasca<\/strong> <strong>exhaustiva<\/strong> en <strong>analitzar<\/strong> el tradicional estat de la web d&#8217; <a href=\"http:\/\/www.eurobackoffice.com\" target=\"_blank\" rel=\"noopener\">Eurobackoffice<\/a> i un treball dedicat a la creaci\u00f3 del <strong>pla<\/strong> <strong>d&#8217;<\/strong> <strong>acci\u00f3<\/strong> reenfocat a una <strong>estrat\u00e8gia<\/strong> clara i amb una gran <strong>visi\u00f3<\/strong> al m\u00e0rqueting online. <\/p>\n<p>Ha indicat nombrosos <strong>processos<\/strong> <strong>de<\/strong> <strong>millora<\/strong> i d&#8217;implementaci\u00f3 d&#8217;idees que demostren la seva <strong>experi\u00e8ncia<\/strong> i <strong>responsabilitat<\/strong> cap al client.<\/p>\n<p>El seu assessorament \u00e9s <strong>funcional<\/strong> i en destaco <strong>el comprom\u00eds<\/strong> constant cap a EuroBackOffice. \u2013 <em>Novembre 2021<\/em> <\/p>\n\t\t\t\t\t\t\t<\/div>\r\n\t\t\t\t\t\t\t<div class=\"eut-testimonial-author\">\r\n\t\t\t\t\t\t\t\t\t\t\t\t\t\t\t\t\t\t<div class=\"eut-testimonial-thumb\"><img decoding=\"async\" width=\"150\" height=\"150\" src=\"https:\/\/estrategiamarketing.digital\/wp-content\/uploads\/2021\/10\/Francois-Eric-2021b-150x150.jpg\" class=\"attachment-thumbnail size-thumbnail wp-post-image\" alt=\"\" srcset=\"https:\/\/estrategiamarketing.digital\/wp-content\/uploads\/2021\/10\/Francois-Eric-2021b-150x150.jpg 150w, https:\/\/estrategiamarketing.digital\/wp-content\/uploads\/2021\/10\/Francois-Eric-2021b-24x24.jpg 24w, https:\/\/estrategiamarketing.digital\/wp-content\/uploads\/2021\/10\/Francois-Eric-2021b-48x48.jpg 48w, https:\/\/estrategiamarketing.digital\/wp-content\/uploads\/2021\/10\/Francois-Eric-2021b-96x96.jpg 96w, https:\/\/estrategiamarketing.digital\/wp-content\/uploads\/2021\/10\/Francois-Eric-2021b-300x300.jpg 300w\" sizes=\"(max-width: 150px) 100vw, 150px\" \/><\/div>\r\n\t\t\t\t\t\t\t\t\t\t\t\t\t\t\t\t\t\t\t\t\t\t\t\t<div class=\"eut-testimonial-name\"><span class=\"eut-link-text eut-heading-color\">Fran\u00e7ois-Eric Perquel<\/span><span class=\"eut-text-primary-1\">Fundador i CEO d&#039;Eurobackoffice<\/span><\/div>\r\n\t\t\t\t\t\t\t\t\t\t\t\t\t\t\t<\/div>\r\n\t\t\t\t\t\t<\/div>\r\n\t\t\t\t\t<\/div>\r\n\t\t\t\t<\/div>\r\n\r\n\t\t\t\t\t\t<div class=\"eut-isotope-item eut-testimonial-item post-8557 testimonial type-testimonial status-publish has-post-thumbnail hentry\">\r\n\t\t\t\t\t<div class=\"eut-isotope-item-inner eut-fade-in-up\">\r\n\t\t\t\t\t\t<div class=\"eut-testimonial-element eut-bg-white eut-radius-5 eut-medium-shadow eut-with-shadow\">\r\n\t\t\t\t\t\t\t\t\t<div class=\"eut-testimonial-content\">\r\n\t\t\t\t\t\t\t\t<blockquote><p><strong>Pla de viabilitat empresarial<\/strong><\/p><\/blockquote>\n<p> Des del nostre contacte amb <strong>Pimec<\/strong> per realitzar una <strong>an\u00e0lisi<\/strong> <strong>objectiva<\/strong> <strong>de<\/strong> la <strong>situaci\u00f3<\/strong> de la nostra empresa <a href=\"https:\/\/ponsiassociats.cat\/\" target=\"_blank\" rel=\"noopener\">Pons i Associats<\/a> i el posterior assessorament, ens han introdu\u00eft Eric com a consultor.<\/p>\n<p>Amb la seva gran <strong>capacitat<\/strong> <strong>d&#8217;<\/strong> <strong>an\u00e0lisi<\/strong> i <strong>proactivitat<\/strong> , Eric ens ha proposat un <strong>pla<\/strong> d&#8217;actuaci\u00f3 que es pot aplicar, <strong>adaptat als<\/strong> nostres <strong>recursos<\/strong> , tant <strong>econ\u00f2mics<\/strong> com <strong>humans<\/strong> , sense oblidar-se de la l\u00ednia que volem seguir a l&#8217;empresa.<\/p>\n<p>Tracte <strong>proper<\/strong> i <strong>emp\u00e0tic<\/strong> amb la nostra manera de ser i fer <em>\u2013 Octubre 2021<\/em><\/p>\n\t\t\t\t\t\t\t<\/div>\r\n\t\t\t\t\t\t\t<div class=\"eut-testimonial-author\">\r\n\t\t\t\t\t\t\t\t\t\t\t\t\t\t\t\t\t\t<div class=\"eut-testimonial-thumb\"><img decoding=\"async\" width=\"150\" height=\"150\" src=\"https:\/\/estrategiamarketing.digital\/wp-content\/uploads\/2021\/10\/logo_pons-150x150.png\" class=\"attachment-thumbnail size-thumbnail wp-post-image\" alt=\"\" srcset=\"https:\/\/estrategiamarketing.digital\/wp-content\/uploads\/2021\/10\/logo_pons-150x150.png 150w, https:\/\/estrategiamarketing.digital\/wp-content\/uploads\/2021\/10\/logo_pons-24x24.png 24w, https:\/\/estrategiamarketing.digital\/wp-content\/uploads\/2021\/10\/logo_pons-48x48.png 48w, https:\/\/estrategiamarketing.digital\/wp-content\/uploads\/2021\/10\/logo_pons-96x96.png 96w, https:\/\/estrategiamarketing.digital\/wp-content\/uploads\/2021\/10\/logo_pons-300x300.png 300w\" sizes=\"(max-width: 150px) 100vw, 150px\" \/><\/div>\r\n\t\t\t\t\t\t\t\t\t\t\t\t\t\t\t\t\t\t\t\t\t\t\t\t<div class=\"eut-testimonial-name\"><span class=\"eut-link-text eut-heading-color\">Marga Volt\u00e0<\/span><span class=\"eut-text-primary-1\">Cofundadora i interiorista de Pons i Associats<\/span><\/div>\r\n\t\t\t\t\t\t\t\t\t\t\t\t\t\t\t<\/div>\r\n\t\t\t\t\t\t<\/div>\r\n\t\t\t\t\t<\/div>\r\n\t\t\t\t<\/div>\r\n\r\n\t\t\t\t\t\t<div class=\"eut-isotope-item eut-testimonial-item post-8556 testimonial type-testimonial status-publish has-post-thumbnail hentry\">\r\n\t\t\t\t\t<div class=\"eut-isotope-item-inner eut-fade-in-up\">\r\n\t\t\t\t\t\t<div class=\"eut-testimonial-element eut-bg-white eut-radius-5 eut-medium-shadow eut-with-shadow\">\r\n\t\t\t\t\t\t\t\t\t<div class=\"eut-testimonial-content\">\r\n\t\t\t\t\t\t\t\t<blockquote><p><strong>Consultoria en m\u00e0rqueting digital<\/strong><\/p><\/blockquote>\n<p> Assessorament de primer nivell, m&#8217;ha fet <strong>reflexionar<\/strong> i <strong>desenvolupar<\/strong> <strong>aspectes<\/strong> <strong>clau<\/strong> de l&#8217;estrat\u00e8gia de M\u00e0rqueting Digital de <a href=\"http:\/\/www.dpuntos.com\" target=\"_blank\" rel=\"noopener\">Dpunts<\/a> .<\/p>\n<p>Estic molt agra\u00eft per <strong>latenci\u00f3<\/strong> i la <strong>dedicaci\u00f3<\/strong> rebuda. \u2013 <em>Octubre 2021<\/em> <\/p>\n\t\t\t\t\t\t\t<\/div>\r\n\t\t\t\t\t\t\t<div class=\"eut-testimonial-author\">\r\n\t\t\t\t\t\t\t\t\t\t\t\t\t\t\t\t\t\t<div class=\"eut-testimonial-thumb\"><img decoding=\"async\" width=\"150\" height=\"150\" src=\"https:\/\/estrategiamarketing.digital\/wp-content\/uploads\/2021\/10\/Bruno-Bastos-150x150.png\" class=\"attachment-thumbnail size-thumbnail wp-post-image\" alt=\"\" srcset=\"https:\/\/estrategiamarketing.digital\/wp-content\/uploads\/2021\/10\/Bruno-Bastos-150x150.png 150w, https:\/\/estrategiamarketing.digital\/wp-content\/uploads\/2021\/10\/Bruno-Bastos-300x300.png 300w, https:\/\/estrategiamarketing.digital\/wp-content\/uploads\/2021\/10\/Bruno-Bastos-1022x1024.png 1022w, https:\/\/estrategiamarketing.digital\/wp-content\/uploads\/2021\/10\/Bruno-Bastos-768x769.png 768w, https:\/\/estrategiamarketing.digital\/wp-content\/uploads\/2021\/10\/Bruno-Bastos-560x560.png 560w, https:\/\/estrategiamarketing.digital\/wp-content\/uploads\/2021\/10\/Bruno-Bastos-900x900.png 900w, https:\/\/estrategiamarketing.digital\/wp-content\/uploads\/2021\/10\/Bruno-Bastos-24x24.png 24w, https:\/\/estrategiamarketing.digital\/wp-content\/uploads\/2021\/10\/Bruno-Bastos-48x48.png 48w, https:\/\/estrategiamarketing.digital\/wp-content\/uploads\/2021\/10\/Bruno-Bastos-96x96.png 96w, https:\/\/estrategiamarketing.digital\/wp-content\/uploads\/2021\/10\/Bruno-Bastos.png 1146w\" sizes=\"(max-width: 150px) 100vw, 150px\" \/><\/div>\r\n\t\t\t\t\t\t\t\t\t\t\t\t\t\t\t\t\t\t\t\t\t\t\t\t<div class=\"eut-testimonial-name\"><span class=\"eut-link-text eut-heading-color\">Bruno Bastos Oliva<\/span><span class=\"eut-text-primary-1\">Soci de Dpunts Regal Promocional<\/span><\/div>\r\n\t\t\t\t\t\t\t\t\t\t\t\t\t\t\t<\/div>\r\n\t\t\t\t\t\t<\/div>\r\n\t\t\t\t\t<\/div>\r\n\t\t\t\t<\/div>\r\n\r\n\t\t\t\t\t\t<div class=\"eut-isotope-item eut-testimonial-item post-8552 testimonial type-testimonial status-publish has-post-thumbnail hentry\">\r\n\t\t\t\t\t<div class=\"eut-isotope-item-inner eut-fade-in-up\">\r\n\t\t\t\t\t\t<div class=\"eut-testimonial-element eut-bg-white eut-radius-5 eut-medium-shadow eut-with-shadow\">\r\n\t\t\t\t\t\t\t\t\t<div class=\"eut-testimonial-content\">\r\n\t\t\t\t\t\t\t\t<blockquote><p><strong>Definici\u00f3 i implementaci\u00f3 destrat\u00e8gia digital<\/strong><\/p><\/blockquote>\n<p> En la seva missi\u00f3 de consultoria <strong>per<\/strong> <strong>a<\/strong> <a href=\"https:\/\/www.vantomachines.com\/\" target=\"_blank\" rel=\"noopener\">Vantomachines<\/a> <strong>,<\/strong> Eric va estudiar amb <strong>molta<\/strong> atenci\u00f3 la nostra empresa.  <\/p>\n<p>Destaco el seu gran <strong>rigor<\/strong> a la feina, aix\u00ed com la seva <strong>flexibilitat<\/strong> i <strong>empatia<\/strong> . <em>\u2013 Setembre 2021<\/em><\/p>\n\t\t\t\t\t\t\t<\/div>\r\n\t\t\t\t\t\t\t<div class=\"eut-testimonial-author\">\r\n\t\t\t\t\t\t\t\t\t\t\t\t\t\t\t\t\t\t<div class=\"eut-testimonial-thumb\"><img decoding=\"async\" width=\"150\" height=\"150\" src=\"https:\/\/estrategiamarketing.digital\/wp-content\/uploads\/2021\/09\/isaac-mateo-150x150.png\" class=\"attachment-thumbnail size-thumbnail wp-post-image\" alt=\"\" srcset=\"https:\/\/estrategiamarketing.digital\/wp-content\/uploads\/2021\/09\/isaac-mateo-150x150.png 150w, https:\/\/estrategiamarketing.digital\/wp-content\/uploads\/2021\/09\/isaac-mateo-300x300.png 300w, https:\/\/estrategiamarketing.digital\/wp-content\/uploads\/2021\/09\/isaac-mateo-24x24.png 24w, https:\/\/estrategiamarketing.digital\/wp-content\/uploads\/2021\/09\/isaac-mateo-48x48.png 48w, https:\/\/estrategiamarketing.digital\/wp-content\/uploads\/2021\/09\/isaac-mateo-96x96.png 96w, https:\/\/estrategiamarketing.digital\/wp-content\/uploads\/2021\/09\/isaac-mateo.png 484w\" sizes=\"(max-width: 150px) 100vw, 150px\" \/><\/div>\r\n\t\t\t\t\t\t\t\t\t\t\t\t\t\t\t\t\t\t\t\t\t\t\t\t<div class=\"eut-testimonial-name\"><span class=\"eut-link-text eut-heading-color\">Isaac Mateu<\/span><span class=\"eut-text-primary-1\">Fundador i CEO de Vanto Machines<\/span><\/div>\r\n\t\t\t\t\t\t\t\t\t\t\t\t\t\t\t<\/div>\r\n\t\t\t\t\t\t<\/div>\r\n\t\t\t\t\t<\/div>\r\n\t\t\t\t<\/div>\r\n\r\n\t\t\t\t\t\t<div class=\"eut-isotope-item eut-testimonial-item post-8579 testimonial type-testimonial status-publish has-post-thumbnail hentry\">\r\n\t\t\t\t\t<div class=\"eut-isotope-item-inner eut-fade-in-up\">\r\n\t\t\t\t\t\t<div class=\"eut-testimonial-element eut-bg-white eut-radius-5 eut-medium-shadow eut-with-shadow\">\r\n\t\t\t\t\t\t\t\t\t<div class=\"eut-testimonial-content\">\r\n\t\t\t\t\t\t\t\t<blockquote><p><strong>Definici\u00f3 estrat\u00e8gia i implementaci\u00f3<\/strong><\/p><\/blockquote>\n<p> Contactem amb Eric per <strong>digitalitzar<\/strong> els nostres esdeveniments. Necessit\u00e0vem un expert que ens acompany\u00e9s durant tot el proc\u00e9s d&#8217; <strong>an\u00e0lisi<\/strong> i <strong>implementaci\u00f3<\/strong> . Ha estat i continua sent de gran <strong>ajuda<\/strong> , ens hem reinventat i apr\u00e8s molt amb ell. Estem tra\u00e7ant un <strong>pla<\/strong> a curt ia llarg termini <strong>per<\/strong> <strong>digitalitzar<\/strong> la nostra empresa des de la p\u00e0gina web Handmade Home passant per l&#8217;estrat\u00e8gia de correu electr\u00f2nic m\u00e0rqueting.   <\/p>\n<p>Tracte agradable i sempre <strong>implicat<\/strong> perqu\u00e8 surti tot b\u00e9. \u2013 <em>Novembre 2020<\/em><\/p>\n\t\t\t\t\t\t\t<\/div>\r\n\t\t\t\t\t\t\t<div class=\"eut-testimonial-author\">\r\n\t\t\t\t\t\t\t\t\t\t\t\t\t\t\t\t\t\t<div class=\"eut-testimonial-thumb\"><img decoding=\"async\" width=\"150\" height=\"150\" src=\"https:\/\/estrategiamarketing.digital\/wp-content\/uploads\/2020\/11\/Anna-Ventura-150x150.png\" class=\"attachment-thumbnail size-thumbnail wp-post-image\" alt=\"\" srcset=\"https:\/\/estrategiamarketing.digital\/wp-content\/uploads\/2020\/11\/Anna-Ventura-150x150.png 150w, https:\/\/estrategiamarketing.digital\/wp-content\/uploads\/2020\/11\/Anna-Ventura-300x300.png 300w, https:\/\/estrategiamarketing.digital\/wp-content\/uploads\/2020\/11\/Anna-Ventura-100x100.png 100w, https:\/\/estrategiamarketing.digital\/wp-content\/uploads\/2020\/11\/Anna-Ventura-24x24.png 24w, https:\/\/estrategiamarketing.digital\/wp-content\/uploads\/2020\/11\/Anna-Ventura-48x48.png 48w, https:\/\/estrategiamarketing.digital\/wp-content\/uploads\/2020\/11\/Anna-Ventura-96x96.png 96w\" sizes=\"(max-width: 150px) 100vw, 150px\" \/><\/div>\r\n\t\t\t\t\t\t\t\t\t\t\t\t\t\t\t\t\t\t\t\t\t\t\t\t<div class=\"eut-testimonial-name\"><span class=\"eut-link-text eut-heading-color\">Anna Ventura<\/span><span class=\"eut-text-primary-1\">Directora i CEO d&#039;EvidentEvents<\/span><\/div>\r\n\t\t\t\t\t\t\t\t\t\t\t\t\t\t\t<\/div>\r\n\t\t\t\t\t\t<\/div>\r\n\t\t\t\t\t<\/div>\r\n\t\t\t\t<\/div>\r\n\r\n\t\t\t\t\t\t<div class=\"eut-isotope-item eut-testimonial-item post-8559 testimonial type-testimonial status-publish has-post-thumbnail hentry\">\r\n\t\t\t\t\t<div class=\"eut-isotope-item-inner eut-fade-in-up\">\r\n\t\t\t\t\t\t<div class=\"eut-testimonial-element eut-bg-white eut-radius-5 eut-medium-shadow eut-with-shadow\">\r\n\t\t\t\t\t\t\t\t\t<div class=\"eut-testimonial-content\">\r\n\t\t\t\t\t\t\t\t<blockquote><p><strong>Consultoria estrat\u00e8gica<\/strong><\/p><\/blockquote>\n<p> Vaig contactar amb l&#8217;Eric per les bones refer\u00e8ncies rebudes i l&#8217;experi\u00e8ncia fins avui ha estat molt positiva. T\u00e9 una gran <strong>capacitat d&#8217;an\u00e0lisi<\/strong> que li va permetre entendre el model de negoci de <a href=\"https:\/\/ayudas-subvenciones.es\" target=\"_blank\" rel=\"noopener noreferrer\">ayudas-subvenciones.es<\/a> , veure els seus punts febles i plantejar <strong>solucions<\/strong> i alternatives pr\u00e0ctiques per millorar els resultats. <\/p>\n<p>De tracte igual de proper com a professional, \u00e9s un plaer treballar amb ell. \u2013 <em>Juliol 2020<\/em> <\/p>\n\t\t\t\t\t\t\t<\/div>\r\n\t\t\t\t\t\t\t<div class=\"eut-testimonial-author\">\r\n\t\t\t\t\t\t\t\t\t\t\t\t\t\t\t\t\t\t<div class=\"eut-testimonial-thumb\"><img decoding=\"async\" width=\"150\" height=\"150\" src=\"https:\/\/estrategiamarketing.digital\/wp-content\/uploads\/2020\/07\/marc_dominguez-150x150.png\" class=\"attachment-thumbnail size-thumbnail wp-post-image\" alt=\"\" srcset=\"https:\/\/estrategiamarketing.digital\/wp-content\/uploads\/2020\/07\/marc_dominguez-150x150.png 150w, https:\/\/estrategiamarketing.digital\/wp-content\/uploads\/2020\/07\/marc_dominguez-298x300.png 298w, https:\/\/estrategiamarketing.digital\/wp-content\/uploads\/2020\/07\/marc_dominguez-768x774.png 768w, https:\/\/estrategiamarketing.digital\/wp-content\/uploads\/2020\/07\/marc_dominguez-560x560.png 560w, https:\/\/estrategiamarketing.digital\/wp-content\/uploads\/2020\/07\/marc_dominguez-300x300.png 300w, https:\/\/estrategiamarketing.digital\/wp-content\/uploads\/2020\/07\/marc_dominguez-600x605.png 600w, https:\/\/estrategiamarketing.digital\/wp-content\/uploads\/2020\/07\/marc_dominguez-100x100.png 100w, https:\/\/estrategiamarketing.digital\/wp-content\/uploads\/2020\/07\/marc_dominguez-24x24.png 24w, https:\/\/estrategiamarketing.digital\/wp-content\/uploads\/2020\/07\/marc_dominguez-48x48.png 48w, https:\/\/estrategiamarketing.digital\/wp-content\/uploads\/2020\/07\/marc_dominguez-96x96.png 96w, https:\/\/estrategiamarketing.digital\/wp-content\/uploads\/2020\/07\/marc_dominguez.png 800w\" sizes=\"(max-width: 150px) 100vw, 150px\" \/><\/div>\r\n\t\t\t\t\t\t\t\t\t\t\t\t\t\t\t\t\t\t\t\t\t\t\t\t<div class=\"eut-testimonial-name\"><span class=\"eut-link-text eut-heading-color\">Marc Dominguez<\/span><span class=\"eut-text-primary-1\">CEO d&#039;ajudes-subvencions.cat<\/span><\/div>\r\n\t\t\t\t\t\t\t\t\t\t\t\t\t\t\t<\/div>\r\n\t\t\t\t\t\t<\/div>\r\n\t\t\t\t\t<\/div>\r\n\t\t\t\t<\/div>\r\n\r\n\t\t\t\t\t\t<div class=\"eut-isotope-item eut-testimonial-item post-8577 testimonial type-testimonial status-publish has-post-thumbnail hentry\">\r\n\t\t\t\t\t<div class=\"eut-isotope-item-inner eut-fade-in-up\">\r\n\t\t\t\t\t\t<div class=\"eut-testimonial-element eut-bg-white eut-radius-5 eut-medium-shadow eut-with-shadow\">\r\n\t\t\t\t\t\t\t\t\t<div class=\"eut-testimonial-content\">\r\n\t\t\t\t\t\t\t\t<blockquote><p><strong>Consultoria i implementaci\u00f3<\/strong><\/p><\/blockquote>\n<p> Hem confiat el disseny i la <strong>implementaci\u00f3<\/strong> de <strong>lestrat\u00e8gia de m\u00e0rqueting digital B2C<\/strong> de <a href=\"https:\/\/enjoycubaexperience.com\" target=\"_blank\" rel=\"noopener noreferrer\">enjoycubaexperience.com<\/a> a Eric i EMD. Estem agra\u00efts per la seva implicaci\u00f3, comprom\u00eds i professionalitat. <\/p>\n<p>\u00c9s un partner expert, que ens ha guiat <strong>des de la definici\u00f3 fins a la gesti\u00f3 integral del projecte<\/strong> a cadascuna de les seves \u00e0rees: lloc web, campanyes de m\u00e0rqueting online multicanal, comunicaci\u00f3 i desenvolupament internacional. \u2013 <em>Maig 2020<\/em> <\/p>\n\t\t\t\t\t\t\t<\/div>\r\n\t\t\t\t\t\t\t<div class=\"eut-testimonial-author\">\r\n\t\t\t\t\t\t\t\t\t\t\t\t\t\t\t\t\t\t<div class=\"eut-testimonial-thumb\"><img decoding=\"async\" width=\"150\" height=\"150\" src=\"https:\/\/estrategiamarketing.digital\/wp-content\/uploads\/2020\/05\/testimonio-yaremis_perez-150x150.jpeg\" class=\"attachment-thumbnail size-thumbnail wp-post-image\" alt=\"\" srcset=\"https:\/\/estrategiamarketing.digital\/wp-content\/uploads\/2020\/05\/testimonio-yaremis_perez-150x150.jpeg 150w, https:\/\/estrategiamarketing.digital\/wp-content\/uploads\/2020\/05\/testimonio-yaremis_perez-300x300.jpeg 300w, https:\/\/estrategiamarketing.digital\/wp-content\/uploads\/2020\/05\/testimonio-yaremis_perez-100x100.jpeg 100w, https:\/\/estrategiamarketing.digital\/wp-content\/uploads\/2020\/05\/testimonio-yaremis_perez.jpeg 400w\" sizes=\"(max-width: 150px) 100vw, 150px\" \/><\/div>\r\n\t\t\t\t\t\t\t\t\t\t\t\t\t\t\t\t\t\t\t\t\t\t\t\t<div class=\"eut-testimonial-name\"><span class=\"eut-link-text eut-heading-color\">Yaremis P\u00e9rez<\/span><span class=\"eut-text-primary-1\">Directora Espanya d&#039;enjoycubaexperience.com<\/span><\/div>\r\n\t\t\t\t\t\t\t\t\t\t\t\t\t\t\t<\/div>\r\n\t\t\t\t\t\t<\/div>\r\n\t\t\t\t\t<\/div>\r\n\t\t\t\t<\/div>\r\n\r\n\t\t\t\t\t\t<div class=\"eut-isotope-item eut-testimonial-item post-8574 testimonial type-testimonial status-publish has-post-thumbnail hentry\">\r\n\t\t\t\t\t<div class=\"eut-isotope-item-inner eut-fade-in-up\">\r\n\t\t\t\t\t\t<div class=\"eut-testimonial-element eut-bg-white eut-radius-5 eut-medium-shadow eut-with-shadow\">\r\n\t\t\t\t\t\t\t\t\t<div class=\"eut-testimonial-content\">\r\n\t\t\t\t\t\t\t\t<blockquote><p><strong>Acompanyament<\/strong><\/p><\/blockquote>\n<p><strong>Vam aprendre molt\u00edssim<\/strong> <a href=\"https:\/\/aladinia.com\" target=\"_blank\" rel=\"noopener noreferrer\">treballant<\/a> al costat d&#8217;Eric. <\/p>\n<p>Vam poder aplicar moltes de les seves recomanacions ia l&#8217;any seg\u00fcent vam aconseguir <strong>doblar el volum de negoci<\/strong> . <em>\u2013 Abril 2020<\/em><\/p>\n\t\t\t\t\t\t\t<\/div>\r\n\t\t\t\t\t\t\t<div class=\"eut-testimonial-author\">\r\n\t\t\t\t\t\t\t\t\t\t\t\t\t\t\t\t\t\t<div class=\"eut-testimonial-thumb\"><img decoding=\"async\" width=\"150\" height=\"150\" src=\"https:\/\/estrategiamarketing.digital\/wp-content\/uploads\/2020\/05\/testimonio-joaquim_esteve-150x150.jpg\" class=\"attachment-thumbnail size-thumbnail wp-post-image\" alt=\"\" srcset=\"https:\/\/estrategiamarketing.digital\/wp-content\/uploads\/2020\/05\/testimonio-joaquim_esteve-150x150.jpg 150w, https:\/\/estrategiamarketing.digital\/wp-content\/uploads\/2020\/05\/testimonio-joaquim_esteve-300x300.jpg 300w, https:\/\/estrategiamarketing.digital\/wp-content\/uploads\/2020\/05\/testimonio-joaquim_esteve-100x100.jpg 100w, https:\/\/estrategiamarketing.digital\/wp-content\/uploads\/2020\/05\/testimonio-joaquim_esteve.jpg 400w\" sizes=\"(max-width: 150px) 100vw, 150px\" \/><\/div>\r\n\t\t\t\t\t\t\t\t\t\t\t\t\t\t\t\t\t\t\t\t\t\t\t\t<div class=\"eut-testimonial-name\"><span class=\"eut-link-text eut-heading-color\">Joaquim Esteve  <\/span><span class=\"eut-text-primary-1\">CEO d&#039;aladinia.com<\/span><\/div>\r\n\t\t\t\t\t\t\t\t\t\t\t\t\t\t\t<\/div>\r\n\t\t\t\t\t\t<\/div>\r\n\t\t\t\t\t<\/div>\r\n\t\t\t\t<\/div>\r\n\r\n\t\t\t\t\t\t<div class=\"eut-isotope-item eut-testimonial-item post-8572 testimonial type-testimonial status-publish has-post-thumbnail hentry\">\r\n\t\t\t\t\t<div class=\"eut-isotope-item-inner eut-fade-in-up\">\r\n\t\t\t\t\t\t<div class=\"eut-testimonial-element eut-bg-white eut-radius-5 eut-medium-shadow eut-with-shadow\">\r\n\t\t\t\t\t\t\t\t\t<div class=\"eut-testimonial-content\">\r\n\t\t\t\t\t\t\t\t<blockquote><p><strong>Acompanyament<\/strong><\/p><\/blockquote>\n<p> Eric ens va ajudar a trav\u00e9s de diverses sessions de treball a <strong>re-enfocar l&#8217;estrat\u00e8gia<\/strong> de mercat i m\u00e0rqueting en l\u00ednia de <a href=\"https:\/\/buscounviaje.com\" target=\"_blank\" rel=\"noopener noreferrer\">buscounviaje.com<\/a> . En aquestes sessions es va posar el focus a les \u00e0rees de l&#8217;empresa que pitjors resultats estaven obtenint. <\/p>\n<p>En tot moment, el seu assessorament va ser <strong>pr\u00e0ctic<\/strong> i al gra, molt lluny d&#8217;altres experi\u00e8ncies on el resultat final de la consultoria havia estat un power point sense accionables concrets. \u2013 <em>Mar\u00e7 2020<\/em> <\/p>\n\t\t\t\t\t\t\t<\/div>\r\n\t\t\t\t\t\t\t<div class=\"eut-testimonial-author\">\r\n\t\t\t\t\t\t\t\t\t\t\t\t\t\t\t\t\t\t<div class=\"eut-testimonial-thumb\"><img decoding=\"async\" width=\"150\" height=\"150\" src=\"https:\/\/estrategiamarketing.digital\/wp-content\/uploads\/2020\/05\/testimonio-Ramon_Aragues-150x150.jpg\" class=\"attachment-thumbnail size-thumbnail wp-post-image\" alt=\"\" srcset=\"https:\/\/estrategiamarketing.digital\/wp-content\/uploads\/2020\/05\/testimonio-Ramon_Aragues-150x150.jpg 150w, https:\/\/estrategiamarketing.digital\/wp-content\/uploads\/2020\/05\/testimonio-Ramon_Aragues-300x300.jpg 300w, https:\/\/estrategiamarketing.digital\/wp-content\/uploads\/2020\/05\/testimonio-Ramon_Aragues-100x100.jpg 100w, https:\/\/estrategiamarketing.digital\/wp-content\/uploads\/2020\/05\/testimonio-Ramon_Aragues.jpg 400w\" sizes=\"(max-width: 150px) 100vw, 150px\" \/><\/div>\r\n\t\t\t\t\t\t\t\t\t\t\t\t\t\t\t\t\t\t\t\t\t\t\t\t<div class=\"eut-testimonial-name\"><span class=\"eut-link-text eut-heading-color\">Ramon Aragues  <\/span><span class=\"eut-text-primary-1\">CEO de buscounviaje.com<\/span><\/div>\r\n\t\t\t\t\t\t\t\t\t\t\t\t\t\t\t<\/div>\r\n\t\t\t\t\t\t<\/div>\r\n\t\t\t\t\t<\/div>\r\n\t\t\t\t<\/div>\r\n\r\n\t\t\t\t\t\t<div class=\"eut-isotope-item eut-testimonial-item post-8570 testimonial type-testimonial status-publish has-post-thumbnail hentry\">\r\n\t\t\t\t\t<div class=\"eut-isotope-item-inner eut-fade-in-up\">\r\n\t\t\t\t\t\t<div class=\"eut-testimonial-element eut-bg-white eut-radius-5 eut-medium-shadow eut-with-shadow\">\r\n\t\t\t\t\t\t\t\t\t<div class=\"eut-testimonial-content\">\r\n\t\t\t\t\t\t\t\t<blockquote><p><strong>Consultoria estrat\u00e8gica<\/strong><\/p><\/blockquote>\n<p> Eric va realitzar una missi\u00f3 de consultoria a <a href=\"https:\/\/audevard.com\" target=\"_blank\" rel=\"noopener noreferrer\">audevard.com<\/a> per estudiar les <strong>oportunitats del m\u00f3n digital<\/strong> per al nostre model de negoci tradicional. La seva experi\u00e8ncia i els seus coneixements van ser clau per definir l&#8217; <strong>estrat\u00e8gia a seguir<\/strong> respectant els canals existents. <\/p>\n<p>Destaco el seu comprom\u00eds i professionalitat aix\u00ed com el seu rigor i capacitat anal\u00edtica. Hi ha hagut un <strong>pla d&#8217;accions pragm\u00e0tic<\/strong> que seguim aplicant. <em>\u2013 Juny 2020<\/em> <\/p>\n\t\t\t\t\t\t\t<\/div>\r\n\t\t\t\t\t\t\t<div class=\"eut-testimonial-author\">\r\n\t\t\t\t\t\t\t\t\t\t\t\t\t\t\t\t\t\t<div class=\"eut-testimonial-thumb\"><img decoding=\"async\" width=\"150\" height=\"150\" src=\"https:\/\/estrategiamarketing.digital\/wp-content\/uploads\/2020\/05\/testimonio-marina_wissink-150x150.jpg\" class=\"attachment-thumbnail size-thumbnail wp-post-image\" alt=\"\" srcset=\"https:\/\/estrategiamarketing.digital\/wp-content\/uploads\/2020\/05\/testimonio-marina_wissink-150x150.jpg 150w, https:\/\/estrategiamarketing.digital\/wp-content\/uploads\/2020\/05\/testimonio-marina_wissink-300x300.jpg 300w, https:\/\/estrategiamarketing.digital\/wp-content\/uploads\/2020\/05\/testimonio-marina_wissink-100x100.jpg 100w, https:\/\/estrategiamarketing.digital\/wp-content\/uploads\/2020\/05\/testimonio-marina_wissink.jpg 400w\" sizes=\"(max-width: 150px) 100vw, 150px\" \/><\/div>\r\n\t\t\t\t\t\t\t\t\t\t\t\t\t\t\t\t\t\t\t\t\t\t\t\t<div class=\"eut-testimonial-name\"><span class=\"eut-link-text eut-heading-color\">Marina Wissink<\/span><span class=\"eut-text-primary-1\">CEO d&#039;audevard.com<\/span><\/div>\r\n\t\t\t\t\t\t\t\t\t\t\t\t\t\t\t<\/div>\r\n\t\t\t\t\t\t<\/div>\r\n\t\t\t\t\t<\/div>\r\n\t\t\t\t<\/div>\r\n\r\n\t\t\t\t\t\t\t\t\t\t<\/div>\r\n\t\t\t\t\t\t\t<\/div>\r\n\r\n\t\t[\/vc_column][\/vc_row][vc_row padding_top_multiplier=\"2x\" padding_bottom_multiplier=\"5x\" rc_font_color=\"#262626&#8243;][vc_column width=\"1\/6&#8243; tablet_width=\"1-6&#8243; mobile_width=\"hide\"][\/vc_column][vc_column width=\"4\/6&#8243; content_width=\"75&#8243; horizontal_content_position=\"center\" text_align=\"center\" tablet_width=\"2-3&#8243; mobile_content_width=\"reset\"]<h3 class=\"eut-element eut-title eut-align-inherit eut-h3\" style=\"\"><span>Vols cr\u00e9ixer i avan\u00e7ar?<\/span><\/h3>[vc_column_text]Escriu-nos. Ens encanta implicar-nos en nous projectes<br \/>\n Tel: +34 609 87 05 07[\/vc_column_text]<div class=\"eut-empty-space eut-height-2x\" style=\"\"><\/div><div class=\"eut-element eut-contact-form eut-contact-form-69f417323a464 eut-form-btn-simple eut-form-btn-square eut-form-btn-bg-primary-1 eut-form-btn-bg-hover-black eut-form-btn-medium\">\n<div class=\"wpcf7 no-js\" id=\"wpcf7-f8562-o1\" lang=\"ca\" dir=\"ltr\" data-wpcf7-id=\"8562\">\n<div class=\"screen-reader-response\"><p role=\"status\" aria-live=\"polite\" aria-atomic=\"true\"><\/p> <ul><\/ul><\/div>\n<form action=\"\/ca\/wp-json\/wp\/v2\/pages\/8455#wpcf7-f8562-o1\" method=\"post\" class=\"wpcf7-form init\" aria-label=\"Formulari de contacte\" novalidate=\"novalidate\" data-status=\"init\">\n<fieldset class=\"hidden-fields-container\"><input type=\"hidden\" name=\"_wpcf7\" value=\"8562\" \/><input type=\"hidden\" name=\"_wpcf7_version\" value=\"6.1.5\" \/><input type=\"hidden\" name=\"_wpcf7_locale\" value=\"ca\" \/><input type=\"hidden\" name=\"_wpcf7_unit_tag\" value=\"wpcf7-f8562-o1\" \/><input type=\"hidden\" name=\"_wpcf7_container_post\" value=\"0\" \/><input type=\"hidden\" name=\"_wpcf7_posted_data_hash\" value=\"\" \/>\n<\/fieldset>\n<div class=\"eut-form eut-fields-round eut-align-center\">\n\t<div class=\"eut-fields-wrapper\">\n\t\t<div class=\"eut-one-third\">\n\t\t\t<p><span class=\"wpcf7-form-control-wrap\" data-name=\"your-name\"><input size=\"40\" maxlength=\"400\" class=\"wpcf7-form-control wpcf7-text wpcf7-validates-as-required\" aria-required=\"true\" aria-invalid=\"false\" placeholder=\"Nom*\" value=\"\" type=\"text\" name=\"your-name\" \/><\/span>\n\t\t\t<\/p>\n\t\t<\/div>\n\t\t<div class=\"eut-one-third\">\n\t\t\t<p><span class=\"wpcf7-form-control-wrap\" data-name=\"tel-77\"><input size=\"40\" maxlength=\"400\" class=\"wpcf7-form-control wpcf7-tel wpcf7-text wpcf7-validates-as-tel\" aria-invalid=\"false\" placeholder=\"Tel\u00e8fon\" value=\"\" type=\"tel\" name=\"tel-77\" \/><\/span>\n\t\t\t<\/p>\n\t\t<\/div>\n\t\t<div class=\"eut-one-third eut-last-column\">\n\t\t\t<p><span class=\"wpcf7-form-control-wrap\" data-name=\"your-email\"><input size=\"40\" maxlength=\"400\" class=\"wpcf7-form-control wpcf7-email wpcf7-validates-as-required wpcf7-text wpcf7-validates-as-email\" aria-required=\"true\" aria-invalid=\"false\" placeholder=\"Email*\" value=\"\" type=\"email\" name=\"your-email\" \/><\/span>\n\t\t\t<\/p>\n\t\t<\/div>\n\t\t<div>\n\t\t\t<p><span class=\"wpcf7-form-control-wrap\" data-name=\"your-message\"><textarea cols=\"40\" rows=\"10\" maxlength=\"2000\" class=\"wpcf7-form-control wpcf7-textarea\" aria-invalid=\"false\" placeholder=\"Explica&#039;ns breument en qu\u00e8 et podem ajudar\" name=\"your-message\"><\/textarea><\/span><br \/>\n<span class=\"wpcf7-form-control-wrap\" data-name=\"checkbox-114\"><span class=\"wpcf7-form-control wpcf7-checkbox wpcf7-validates-as-required\"><span class=\"wpcf7-list-item first last\"><input type=\"checkbox\" name=\"checkbox-114[]\" value=\"He llegit i accepto la pol\u00edtica de privadesa\" \/><span class=\"wpcf7-list-item-label\">He llegit i accepto la pol\u00edtica de privadesa<\/span><\/span><\/span><\/span>\n\t\t\t<\/p>\n\t\t<\/div>\n\t\t<div>\n\t\t\t<p><input class=\"wpcf7-form-control wpcf7-submit has-spinner\" type=\"submit\" value=\"Enviar\" \/>\n\t\t\t<\/p>\n\t\t<\/div>\n\t<\/div>\n<\/div><div class=\"wpcf7-response-output\" aria-hidden=\"true\"><\/div>\n<\/form>\n<\/div>\n<\/div><style type=\"text\/css\">.eut-contact-form.eut-contact-form-69f417323a464 input,.eut-contact-form.eut-contact-form-69f417323a464 textarea,.eut-contact-form.eut-contact-form-69f417323a464 select,.eut-contact-form.eut-contact-form-69f417323a464 .wpcf7-list-item-label:before {border-width: 1px;border-style: solid;border-color: #eaeaea;;background-color: transparent;;color: #000000;;font-size: 13px;;}.wpcf7-form .wpcf7-list-item-label:before {border-color: #eaeaea !important;}.eut-contact-form.eut-contact-form-69f417323a464 input:focus,.eut-contact-form.eut-contact-form-69f417323a464 textarea:focus,.eut-contact-form.eut-contact-form-69f417323a464 select:focus {border-color: #7072f7;;background-color: transparent;;color: #7072f7;;}.eut-contact-form.eut-contact-form-69f417323a464 ::-webkit-input-placeholder {color: #000000;}.eut-contact-form.eut-contact-form-69f417323a464 :-moz-placeholder {color: #000000;}.eut-contact-form.eut-contact-form-69f417323a464 ::-moz-placeholder {color: #000000;}.eut-contact-form.eut-contact-form-69f417323a464 :-ms-input-placeholder {color: #000000;}.eut-contact-form.eut-contact-form-69f417323a464 :focus::-webkit-input-placeholder {color: #000000;}.eut-contact-form.eut-contact-form-69f417323a464 :focus:-moz-placeholder {color: #000000;}.eut-contact-form.eut-contact-form-69f417323a464 :focus::-moz-placeholder {color: #000000;}.eut-contact-form.eut-contact-form-69f417323a464 :focus:-ms-input-placeholder {color: #000000;}<\/style>[\/vc_column][vc_column width=\"1\/6&#8243;][\/vc_column][\/vc_row]<\/p>\n<\/div>","protected":false},"excerpt":{"rendered":"<p>[vc_row padding_top_multiplier=\"4x\" padding_bottom_multiplier=\"4x\" rc_bg_type=\"gradient\" rc_bg_gradient_color_1=\"#f6f7fc\" rc_bg_gradient_color_2=\"#ffffff\" rc_bg_gradient_direction=\"180&#8243; separator_top_size=\"30px\"][vc_column width=\"1\/4&#8243; tablet_width=\"1-6&#8243; tablet_sm_width=\"hide\" mobile_width=\"hide\"][\/vc_column][vc_column width=\"1\/2&#8243; content_width=\"70&#8243; horizontal_content_position=\"center\" text_align=\"center\" tablet_width=\"2-3&#8243; tablet_sm_width=\"1&#8243; mobile_content_width=\"reset\"][vc_column_text]No coneixem millor manera de millorar. Ens encanta la feina ben feta i tenir clients satisfets. Podem fallar, per\u00f2 farem tot el possible per solucionar el problema.[\/vc_column_text][\/vc_column][vc_column width=\"1\/4&#8243; tablet_width=\"1-6&#8243; tablet_sm_width=\"hide\" mobile_width=\"hide\"][\/vc_column][vc_column][\/vc_column][vc_column][\/vc_column][\/vc_row][vc_row padding_top_multiplier=\"2x\" padding_bottom_multiplier=\"5x\" rc_font_color=\"#262626&#8243;][vc_column width=\"1\/6&#8243; tablet_width=\"1-6&#8243; mobile_width=\"hide\"][\/vc_column][vc_column [&hellip;]<\/p>\n","protected":false},"author":3,"featured_media":0,"parent":0,"menu_order":0,"comment_status":"closed","ping_status":"closed","template":"","meta":{"_joinchat":[],"footnotes":""},"class_list":["post-8455","page","type-page","status-publish","hentry"],"yoast_head":"<!-- This site is optimized with the Yoast SEO plugin v27.5 - https:\/\/yoast.com\/product\/yoast-seo-wordpress\/ -->\n<title>Testimonis - EMD - Estrategia de Marketing Digital<\/title>\n<meta name=\"description\" content=\"Testimonis de clients d&#039;EMD - Preguntem als nostres clients, no hi ha millor manera d&#039;avaluar la nostra feina i millorar.\" \/>\n<meta name=\"robots\" content=\"index, follow, max-snippet:-1, max-image-preview:large, max-video-preview:-1\" \/>\n<link rel=\"canonical\" href=\"https:\/\/estrategiamarketing.digital\/ca\/testimonis\/\" \/>\n<meta property=\"og:locale\" content=\"ca_ES\" \/>\n<meta property=\"og:type\" content=\"article\" \/>\n<meta property=\"og:title\" content=\"Testimonis - EMD - Estrategia de Marketing Digital\" \/>\n<meta property=\"og:description\" content=\"Testimonis de clients d&#039;EMD - Preguntem als nostres clients, no hi ha millor manera d&#039;avaluar la nostra feina i millorar.\" \/>\n<meta property=\"og:url\" content=\"https:\/\/estrategiamarketing.digital\/ca\/testimonis\/\" \/>\n<meta property=\"og:site_name\" content=\"EMD - Estrategia de Marketing Digital\" \/>\n<meta property=\"article:modified_time\" content=\"2025-04-30T08:17:13+00:00\" \/>\n<meta name=\"twitter:card\" content=\"summary_large_image\" \/>\n<meta name=\"twitter:label1\" content=\"Temps estimat de lectura\" \/>\n\t<meta name=\"twitter:data1\" content=\"1 minut\" \/>\n<script type=\"application\/ld+json\" class=\"yoast-schema-graph\">{\"@context\":\"https:\\\/\\\/schema.org\",\"@graph\":[{\"@type\":\"WebPage\",\"@id\":\"https:\\\/\\\/estrategiamarketing.digital\\\/ca\\\/testimonis\\\/\",\"url\":\"https:\\\/\\\/estrategiamarketing.digital\\\/ca\\\/testimonis\\\/\",\"name\":\"Testimonis - EMD - Estrategia de Marketing Digital\",\"isPartOf\":{\"@id\":\"https:\\\/\\\/estrategiamarketing.digital\\\/ca\\\/#website\"},\"datePublished\":\"2018-05-31T18:26:24+00:00\",\"dateModified\":\"2025-04-30T08:17:13+00:00\",\"description\":\"Testimonis de clients d'EMD - Preguntem als nostres clients, no hi ha millor manera d'avaluar la nostra feina i millorar.\",\"breadcrumb\":{\"@id\":\"https:\\\/\\\/estrategiamarketing.digital\\\/ca\\\/testimonis\\\/#breadcrumb\"},\"inLanguage\":\"ca\",\"potentialAction\":[{\"@type\":\"ReadAction\",\"target\":[\"https:\\\/\\\/estrategiamarketing.digital\\\/ca\\\/testimonis\\\/\"]}]},{\"@type\":\"BreadcrumbList\",\"@id\":\"https:\\\/\\\/estrategiamarketing.digital\\\/ca\\\/testimonis\\\/#breadcrumb\",\"itemListElement\":[{\"@type\":\"ListItem\",\"position\":1,\"name\":\"Portada\",\"item\":\"https:\\\/\\\/estrategiamarketing.digital\\\/ca\\\/inici\\\/\"},{\"@type\":\"ListItem\",\"position\":2,\"name\":\"Testimonis\"}]},{\"@type\":\"WebSite\",\"@id\":\"https:\\\/\\\/estrategiamarketing.digital\\\/ca\\\/#website\",\"url\":\"https:\\\/\\\/estrategiamarketing.digital\\\/ca\\\/\",\"name\":\"EMD - Estrategia de Marketing Digital\",\"description\":\"Agencia - consultoria en marketing digital\",\"publisher\":{\"@id\":\"https:\\\/\\\/estrategiamarketing.digital\\\/ca\\\/#organization\"},\"alternateName\":\"EMD\",\"potentialAction\":[{\"@type\":\"SearchAction\",\"target\":{\"@type\":\"EntryPoint\",\"urlTemplate\":\"https:\\\/\\\/estrategiamarketing.digital\\\/ca\\\/?s={search_term_string}\"},\"query-input\":{\"@type\":\"PropertyValueSpecification\",\"valueRequired\":true,\"valueName\":\"search_term_string\"}}],\"inLanguage\":\"ca\"},{\"@type\":\"Organization\",\"@id\":\"https:\\\/\\\/estrategiamarketing.digital\\\/ca\\\/#organization\",\"name\":\"EMD\",\"url\":\"https:\\\/\\\/estrategiamarketing.digital\\\/ca\\\/\",\"logo\":{\"@type\":\"ImageObject\",\"inLanguage\":\"ca\",\"@id\":\"https:\\\/\\\/estrategiamarketing.digital\\\/ca\\\/#\\\/schema\\\/logo\\\/image\\\/\",\"url\":\"https:\\\/\\\/estrategiamarketing.digital\\\/wp-content\\\/uploads\\\/2020\\\/08\\\/isologo-EMD-circulo.png\",\"contentUrl\":\"https:\\\/\\\/estrategiamarketing.digital\\\/wp-content\\\/uploads\\\/2020\\\/08\\\/isologo-EMD-circulo.png\",\"width\":600,\"height\":600,\"caption\":\"EMD\"},\"image\":{\"@id\":\"https:\\\/\\\/estrategiamarketing.digital\\\/ca\\\/#\\\/schema\\\/logo\\\/image\\\/\"},\"sameAs\":[\"https:\\\/\\\/www.instagram.com\\\/emd_marketing_\\\/\",\"https:\\\/\\\/www.linkedin.com\\\/company\\\/emd-estrategia-de-marketing-digital\\\/\",\"https:\\\/\\\/www.youtube.com\\\/channel\\\/UC97GH4Y2URvuVyWYqSMkxWA\"]}]}<\/script>\n<!-- \/ Yoast SEO plugin. -->","yoast_head_json":{"title":"Testimonis - EMD - Estrategia de Marketing Digital","description":"Testimonis de clients d'EMD - Preguntem als nostres clients, no hi ha millor manera d'avaluar la nostra feina i millorar.","robots":{"index":"index","follow":"follow","max-snippet":"max-snippet:-1","max-image-preview":"max-image-preview:large","max-video-preview":"max-video-preview:-1"},"canonical":"https:\/\/estrategiamarketing.digital\/ca\/testimonis\/","og_locale":"ca_ES","og_type":"article","og_title":"Testimonis - EMD - Estrategia de Marketing Digital","og_description":"Testimonis de clients d'EMD - Preguntem als nostres clients, no hi ha millor manera d'avaluar la nostra feina i millorar.","og_url":"https:\/\/estrategiamarketing.digital\/ca\/testimonis\/","og_site_name":"EMD - Estrategia de Marketing Digital","article_modified_time":"2025-04-30T08:17:13+00:00","twitter_card":"summary_large_image","twitter_misc":{"Temps estimat de lectura":"1 minut"},"schema":{"@context":"https:\/\/schema.org","@graph":[{"@type":"WebPage","@id":"https:\/\/estrategiamarketing.digital\/ca\/testimonis\/","url":"https:\/\/estrategiamarketing.digital\/ca\/testimonis\/","name":"Testimonis - EMD - Estrategia de Marketing Digital","isPartOf":{"@id":"https:\/\/estrategiamarketing.digital\/ca\/#website"},"datePublished":"2018-05-31T18:26:24+00:00","dateModified":"2025-04-30T08:17:13+00:00","description":"Testimonis de clients d'EMD - Preguntem als nostres clients, no hi ha millor manera d'avaluar la nostra feina i millorar.","breadcrumb":{"@id":"https:\/\/estrategiamarketing.digital\/ca\/testimonis\/#breadcrumb"},"inLanguage":"ca","potentialAction":[{"@type":"ReadAction","target":["https:\/\/estrategiamarketing.digital\/ca\/testimonis\/"]}]},{"@type":"BreadcrumbList","@id":"https:\/\/estrategiamarketing.digital\/ca\/testimonis\/#breadcrumb","itemListElement":[{"@type":"ListItem","position":1,"name":"Portada","item":"https:\/\/estrategiamarketing.digital\/ca\/inici\/"},{"@type":"ListItem","position":2,"name":"Testimonis"}]},{"@type":"WebSite","@id":"https:\/\/estrategiamarketing.digital\/ca\/#website","url":"https:\/\/estrategiamarketing.digital\/ca\/","name":"EMD - Estrategia de Marketing Digital","description":"Agencia - consultoria en marketing digital","publisher":{"@id":"https:\/\/estrategiamarketing.digital\/ca\/#organization"},"alternateName":"EMD","potentialAction":[{"@type":"SearchAction","target":{"@type":"EntryPoint","urlTemplate":"https:\/\/estrategiamarketing.digital\/ca\/?s={search_term_string}"},"query-input":{"@type":"PropertyValueSpecification","valueRequired":true,"valueName":"search_term_string"}}],"inLanguage":"ca"},{"@type":"Organization","@id":"https:\/\/estrategiamarketing.digital\/ca\/#organization","name":"EMD","url":"https:\/\/estrategiamarketing.digital\/ca\/","logo":{"@type":"ImageObject","inLanguage":"ca","@id":"https:\/\/estrategiamarketing.digital\/ca\/#\/schema\/logo\/image\/","url":"https:\/\/estrategiamarketing.digital\/wp-content\/uploads\/2020\/08\/isologo-EMD-circulo.png","contentUrl":"https:\/\/estrategiamarketing.digital\/wp-content\/uploads\/2020\/08\/isologo-EMD-circulo.png","width":600,"height":600,"caption":"EMD"},"image":{"@id":"https:\/\/estrategiamarketing.digital\/ca\/#\/schema\/logo\/image\/"},"sameAs":["https:\/\/www.instagram.com\/emd_marketing_\/","https:\/\/www.linkedin.com\/company\/emd-estrategia-de-marketing-digital\/","https:\/\/www.youtube.com\/channel\/UC97GH4Y2URvuVyWYqSMkxWA"]}]}},"_links":{"self":[{"href":"https:\/\/estrategiamarketing.digital\/ca\/wp-json\/wp\/v2\/pages\/8455","targetHints":{"allow":["GET"]}}],"collection":[{"href":"https:\/\/estrategiamarketing.digital\/ca\/wp-json\/wp\/v2\/pages"}],"about":[{"href":"https:\/\/estrategiamarketing.digital\/ca\/wp-json\/wp\/v2\/types\/page"}],"author":[{"embeddable":true,"href":"https:\/\/estrategiamarketing.digital\/ca\/wp-json\/wp\/v2\/users\/3"}],"replies":[{"embeddable":true,"href":"https:\/\/estrategiamarketing.digital\/ca\/wp-json\/wp\/v2\/comments?post=8455"}],"version-history":[{"count":0,"href":"https:\/\/estrategiamarketing.digital\/ca\/wp-json\/wp\/v2\/pages\/8455\/revisions"}],"wp:attachment":[{"href":"https:\/\/estrategiamarketing.digital\/ca\/wp-json\/wp\/v2\/media?parent=8455"}],"curies":[{"name":"wp","href":"https:\/\/api.w.org\/{rel}","templated":true}]}}